{"id":2182,"date":"2019-10-16T05:16:01","date_gmt":"2019-10-16T03:16:01","guid":{"rendered":"http:\/\/www.comitatomonteverdenuovo.it\/wordpress\/?page_id=2182"},"modified":"2023-09-28T18:28:56","modified_gmt":"2023-09-28T16:28:56","slug":"home-3","status":"publish","type":"page","link":"https:\/\/www.comitatomonteverdenuovo.it\/wordpress\/","title":{"rendered":"Home"},"content":{"rendered":"<p>[et_pb_section fb_built=&#8221;1&#8243; fullwidth=&#8221;on&#8221; _builder_version=&#8221;3.29.3&#8243;][et_pb_fullwidth_image src=&#8221;https:\/\/www.comitatomonteverdenuovo.it\/wordpress\/wp-content\/uploads\/2019\/10\/page-image-villa_Pamphilj.jpg&#8221; _builder_version=&#8221;4.3.4&#8243; min_height=&#8221;289px&#8221;][\/et_pb_fullwidth_image][\/et_pb_section][et_pb_section fb_built=&#8221;1&#8243; _builder_version=&#8221;4.0.2&#8243;][et_pb_row make_equal=&#8221;on&#8221; _builder_version=&#8221;3.29.3&#8243; custom_margin=&#8221;-19px|auto||auto||&#8221; custom_padding=&#8221;34px|||||&#8221;][et_pb_column type=&#8221;4_4&#8243; _builder_version=&#8221;3.29.3&#8243;][et_pb_image src=&#8221;https:\/\/www.comitatomonteverdenuovo.it\/wordpress\/wp-content\/uploads\/2020\/03\/Annuncio-CDQMVN-scaled.jpg&#8221; align=&#8221;center&#8221; disabled_on=&#8221;on|on|on&#8221; admin_label=&#8221;Avviso coronavirus&#8221; _builder_version=&#8221;4.4.7&#8243; max_width=&#8221;100%&#8221; disabled=&#8221;on&#8221;][\/et_pb_image][et_pb_video src=&#8221;https:\/\/youtu.be\/yC8jkB_Advg&#8221; thumbnail_overlay_color=&#8221;rgba(0,0,0,0.6)&#8221; src_tablet=&#8221;&#8221; src_phone=&#8221;&#8221; src_last_edited=&#8221;on|desktop&#8221; _builder_version=&#8221;4.4.7&#8243; width=&#8221;60%&#8221; module_alignment=&#8221;center&#8221;][\/et_pb_video][et_pb_text admin_label=&#8221;in primo piano&#8221; _builder_version=&#8221;4.4.7&#8243; border_width_bottom=&#8221;2px&#8221; border_color_bottom=&#8221;#263570&#8243;]<\/p>\n<h1>In primo piano<\/h1>\n<p>[\/et_pb_text][et_pb_blog posts_number=&#8221;3&#8243; include_categories=&#8221;275&#8243; show_more=&#8221;on&#8221; _builder_version=&#8221;4.4.7&#8243; read_more_text_color=&#8221;#e02b20&#8243;][\/et_pb_blog][et_pb_countdown_timer title=&#8221;IL CONCERTO DI NATALE STA ARRIVANDO!&#8221; date_time=&#8221;2019-12-08 16:00&#8243; disabled_on=&#8221;on|on|on&#8221; admin_label=&#8221;Timer per Conto alla Rovescia&#8221; _builder_version=&#8221;4.0.4&#8243; header_level=&#8221;h1&#8243; header_font=&#8221;|700|||||||&#8221; header_text_color=&#8221;#f4dc00&#8243; header_font_size=&#8221;34px&#8221; header_letter_spacing=&#8221;2px&#8221; numbers_font=&#8221;Anton||||||||&#8221; label_font=&#8221;||||||||&#8221; label_text_color=&#8221;#e09900&#8243; background_color=&#8221;rgba(28,9,3,0.31)&#8221; background_image=&#8221;https:\/\/www.comitatomonteverdenuovo.it\/wordpress\/wp-content\/uploads\/2014\/11\/Senza-titolo-11-copia.jpg&#8221; background_blend=&#8221;overlay&#8221; animation_style=&#8221;fade&#8221; animation_delay=&#8221;600ms&#8221; header_font_size_tablet=&#8221;23px&#8221; header_font_size_phone=&#8221;14px&#8221; header_font_size_last_edited=&#8221;on|phone&#8221; header_text_shadow_style=&#8221;preset5&#8243; numbers_text_shadow_style=&#8221;preset1&#8243; border_radii=&#8221;on|10px|10px|10px|10px&#8221; border_width_all=&#8221;5px&#8221; border_color_all=&#8221;#e09900&#8243; box_shadow_style=&#8221;preset6&#8243; box_shadow_blur=&#8221;20px&#8221; box_shadow_spread=&#8221;8px&#8221; box_shadow_color=&#8221;#000000&#8243; disabled=&#8221;on&#8221;][\/et_pb_countdown_timer][\/et_pb_column][\/et_pb_row][et_pb_row _builder_version=&#8221;4.0.4&#8243;][et_pb_column type=&#8221;4_4&#8243; _builder_version=&#8221;4.0.4&#8243;][et_pb_text admin_label=&#8221;per segnalare&#8221; _builder_version=&#8221;3.29.3&#8243; text_text_color=&#8221;#000000&#8243; background_color=&#8221;#ffffff&#8221; background_size=&#8221;initial&#8221; background_position=&#8221;top_left&#8221; background_repeat=&#8221;repeat&#8221; custom_margin=&#8221;0px||0px||false|false&#8221; custom_padding=&#8221;||25px|||&#8221;]<\/p>\n<h3 style=\"text-align: center;\"><span style=\"color: #263570;\">\u00a0<strong>PER SEGNALARE PROBLEMI DEL QUARTIERE:<\/strong><\/span><br \/><a href=\"mailto:info@comitatomonteverdenuovo.it\">info@comitatomonteverdenuovo.it<\/a><\/h3>\n<p style=\"text-align: justify;\">[\/et_pb_text][et_pb_slider show_arrows=&#8221;off&#8221; show_pagination=&#8221;off&#8221; use_bg_overlay=&#8221;on&#8221; bg_overlay_color=&#8221;rgba(38,53,112,0.22)&#8221; use_text_overlay=&#8221;on&#8221; text_overlay_color=&#8221;rgba(38,53,112,0.68)&#8221; _builder_version=&#8221;3.29.3&#8243; header_font=&#8221;||||||||&#8221; body_text_color=&#8221;#ffffff&#8221; background_image=&#8221;https:\/\/www.comitatomonteverdenuovo.it\/wordpress\/wp-content\/uploads\/2019\/10\/monteverde-nuovo-mappa-1.jpg&#8221; animation_style=&#8221;fade&#8221; auto=&#8221;on&#8221; auto_speed=&#8221;5000&#8243; auto_ignore_hover=&#8221;on&#8221;][et_pb_slide heading=&#8221;Decoro urbano&#8221; _builder_version=&#8221;3.29.3&#8243; background_image=&#8221;https:\/\/www.comitatomonteverdenuovo.it\/wordpress\/wp-content\/uploads\/2019\/10\/page-image-Doria_Pamphili_6284.jpg&#8221; background_enable_image=&#8221;on&#8221;]Il decoro urbano \u00e8 una delle nostre priorit\u00e0[\/et_pb_slide][et_pb_slide heading=&#8221;La cultura a Monteverde&#8221; _builder_version=&#8221;3.29.3&#8243;]Tutti gli eventi, gli itinerari, le occasioni per conoscere il tuo quartiere[\/et_pb_slide][et_pb_slide heading=&#8221;Tempo libero&#8221; _builder_version=&#8221;3.29.3&#8243; background_image=&#8221;https:\/\/www.comitatomonteverdenuovo.it\/wordpress\/wp-content\/uploads\/2015\/11\/HalloweenMonteverde9.jpg&#8221; background_enable_image=&#8221;on&#8221;]Musica, balli in piazza, risate e divertimento da godere tutti insieme[\/et_pb_slide][\/et_pb_slider][et_pb_text _builder_version=&#8221;4.4.7&#8243; text_text_color=&#8221;#000000&#8243; background_color=&#8221;#ffffff&#8221; background_size=&#8221;initial&#8221; background_position=&#8221;top_left&#8221; background_repeat=&#8221;repeat&#8221; min_height=&#8221;327px&#8221;]<\/p>\n<p style=\"text-align: justify;\"><span style=\"color: #333333;\"><strong><span style=\"color: #333333;\">I<\/span><span style=\"color: #333333;\"><strong>l<\/strong>\u00a0Comitato difende e promuove\u00a0la cultura, l\u2019educazione,\u00a0\u00a0 l\u2019ambiente, il patrimonio urbanistico, il decoro, i trasporti e la viabilit\u00e0 del quartiere di\u00a0Monteverde Nuovo in Roma.<\/span><\/strong><\/span><\/p>\n<p style=\"text-align: justify;\">Lo\u00a0scopo del Comitato \u00e8 la solidariet\u00e0 sociale attraverso azioni che tendono a migliorare la vita dei cittadini del quartiere instaurando altres\u00ec un rapporto corretto con le istituzioni.<\/p>\n<p style=\"text-align: justify;\">\u00a0Nel territorio esistono anche delle associazioni che per loro natura e compiti sono cosa diversa dai Comitati.<\/p>\n<blockquote>\n<p style=\"text-align: justify;\"><strong>Il Comitato si riunisce il luned\u00ec alle 17.30 in via Pietro Cartoni 1<\/strong> <a href=\"https:\/\/www.comitatomonteverdenuovo.it\/wordpress\/?page_id=113\"><span style=\"color: #0066cc;\">(mappa)<\/span><\/a>.<\/p>\n<\/blockquote>\n<p style=\"text-align: justify;\">Siamo felici di\u00a0accogliere e ascoltare tutti i cittadini che vivono, lavorano o si vogliono occupare del nostro quartiere.<\/p>\n<p style=\"text-align: justify;\">Tutti sono invitati a partecipare. L&#8217;iscrizione al Comitato \u00e8 certificata da una tessera ufficiale, che viene rilasciata in sede.<\/p>\n<p>&nbsp;<\/p>\n<p>[\/et_pb_text][et_pb_post_slider include_categories=&#8221;3&#8243; more_text=&#8221;Vai agli articoli&#8221; use_manual_excerpt=&#8221;off&#8221; excerpt_length=&#8221;120&#8243; show_meta=&#8221;off&#8221; image_placement=&#8221;top&#8221; bg_overlay_color=&#8221;rgba(51,51,102,0.62)&#8221; use_text_overlay=&#8221;on&#8221; text_overlay_color=&#8221;rgba(51,51,102,0.62)&#8221; text_border_radius=&#8221;0px&#8221; _builder_version=&#8221;4.0.4&#8243; background_color=&#8221;#333366&#8243; background_image=&#8221;https:\/\/www.comitatomonteverdenuovo.it\/wordpress\/wp-content\/uploads\/2019\/10\/Villa-Pamphilj.jpeg&#8221; content_width=&#8221;70%&#8221; max_height=&#8221;550px&#8221; auto=&#8221;on&#8221;][\/et_pb_post_slider][\/et_pb_column][\/et_pb_row][et_pb_row _builder_version=&#8221;4.0.4&#8243;][et_pb_column type=&#8221;4_4&#8243; _builder_version=&#8221;4.0.4&#8243;][et_pb_text admin_label=&#8221;Titolo sottolienato&#8221; _builder_version=&#8221;4.0.4&#8243; border_width_bottom=&#8221;2px&#8221; border_color_bottom=&#8221;#263570&#8243;]<\/p>\n<h1>Calendario eventi<\/h1>\n<p>[\/et_pb_text][et_pb_text admin_label=&#8221;Calendario eventi&#8221; _builder_version=&#8221;4.0.4&#8243; background_color=&#8221;#333366&#8243; box_shadow_style=&#8221;preset2&#8243;]<\/p>\n<!-- START All-in-One Event Calendar Plugin - Version 3.0.0 --> <div id=\"ai1ec-container\" class=\"ai1ec-main-container \"> <!-- AI1EC_PAGE_CONTENT_PLACEHOLDER --> <div id=\"ai1ec-calendar\" class=\"timely ai1ec-calendar\"> <div class=\"timely ai1ec-calendar-toolbar ai1ec-clearfix \"> <ul class=\"ai1ec-nav ai1ec-nav-pills ai1ec-pull-left ai1ec-filters\"> <li class=\"ai1ec-dropdown ai1ec-category-filter ai1ec-cat-filter \" data-slug=\"cat\"> <a class=\"ai1ec-dropdown-toggle\" data-toggle=\"ai1ec-dropdown\"> <i class=\"ai1ec-fa ai1ec-fa-folder-open\"><\/i> <span class=\"ai1ec-clear-filter ai1ec-tooltip-trigger\" data-href=\"https:\/\/www.comitatomonteverdenuovo.it\/wordpress\/calendar\/action~month\/request_format~json\/\" data-type=\"jsonp\" title=\"Cancella filtro categoria\"> <i class=\"ai1ec-fa ai1ec-fa-times-circle\"><\/i> <\/span> Categorie <span class=\"ai1ec-caret\"><\/span> <\/a> <div class=\"ai1ec-dropdown-menu\"> <div data-term=\"264\" > <a class=\"ai1ec-load-view ai1ec-category ai1ec-cat\" data-type=\"jsonp\" href=\"https:\/\/www.comitatomonteverdenuovo.it\/wordpress\/calendar\/action~month\/request_format~json\/cat_ids~264\/\"> <span class=\"ai1ec-color-swatch ai1ec-tooltip-trigger\" style=\"background:#00735c\" title=\"AMBIENTE\"><\/span> AMBIENTE <\/a> <\/div> <div data-term=\"273\" > <a class=\"ai1ec-load-view ai1ec-category ai1ec-cat\" data-type=\"jsonp\" href=\"https:\/\/www.comitatomonteverdenuovo.it\/wordpress\/calendar\/action~month\/request_format~json\/cat_ids~273\/\"> <span class=\"ai1ec-color-swatch ai1ec-tooltip-trigger\" style=\"background:#ff0a0a\" title=\"TEMPO LIBERO\"><\/span> TEMPO LIBERO <\/a> <\/div> <\/div> <\/li> <\/ul> <div class=\"ai1ec-pull-right\"> <\/div> <\/div> <div id=\"ai1ec-calendar-view-container\" class=\"ai1ec-calendar-view-container\"> <div id=\"ai1ec-calendar-view-loading\" class=\"ai1ec-loading ai1ec-calendar-view-loading\"><\/div> <div id=\"ai1ec-calendar-view\" class=\"ai1ec-calendar-view\"> <div class=\"ai1ec-clearfix\"> <div class=\"ai1ec-views-dropdown ai1ec-btn-group ai1ec-pull-right\"> <a class=\"ai1ec-btn ai1ec-btn-sm ai1ec-btn-default ai1ec-dropdown-toggle\" data-toggle=\"ai1ec-dropdown\"> <i class=\"ai1ec-icon-month ai1ec-view-icon\"><\/i> <span class=\"ai1ec-hidden-xs ai1ec-hidden-sm\"> Mese <\/span> <span class=\"ai1ec-caret\"><\/span> <\/a> <div class=\"ai1ec-dropdown-menu\"> <div class=\"\" data-action=\"agenda\"> <a id=\"ai1ec-view-agenda\" data-type=\"jsonp\" class=\"ai1ec-load-view agenda\" href=\"https:\/\/www.comitatomonteverdenuovo.it\/wordpress\/calendar\/action~agenda\/request_format~json\/\"> <i class=\"ai1ec-icon-agenda ai1ec-view-icon\"><\/i> <span class=\"ai1ec-hidden-xs ai1ec-hidden-sm\"> Agenda <\/span> <\/a> <\/div> <div class=\"\" data-action=\"oneday\"> <a id=\"ai1ec-view-oneday\" data-type=\"jsonp\" class=\"ai1ec-load-view oneday\" href=\"https:\/\/www.comitatomonteverdenuovo.it\/wordpress\/calendar\/action~oneday\/request_format~json\/\"> <i class=\"ai1ec-icon-oneday ai1ec-view-icon\"><\/i> <span class=\"ai1ec-hidden-xs ai1ec-hidden-sm\"> Giorno <\/span> <\/a> <\/div> <div class=\"ai1ec-active\" data-action=\"month\"> <a id=\"ai1ec-view-month\" data-type=\"jsonp\" class=\"ai1ec-load-view month\" href=\"https:\/\/www.comitatomonteverdenuovo.it\/wordpress\/calendar\/action~month\/request_format~json\/\"> <i class=\"ai1ec-icon-month ai1ec-view-icon\"><\/i> <span class=\"ai1ec-hidden-xs ai1ec-hidden-sm\"> Mese <\/span> <\/a> <\/div> <div class=\"\" data-action=\"week\"> <a id=\"ai1ec-view-week\" data-type=\"jsonp\" class=\"ai1ec-load-view week\" href=\"https:\/\/www.comitatomonteverdenuovo.it\/wordpress\/calendar\/action~week\/request_format~json\/\"> <i class=\"ai1ec-icon-week ai1ec-view-icon\"><\/i> <span class=\"ai1ec-hidden-xs ai1ec-hidden-sm\"> Settimana <\/span> <\/a> <\/div> <\/div> <\/div> <div class=\"ai1ec-title-buttons ai1ec-btn-toolbar\"> <div class=\"ai1ec-pagination ai1ec-btn-group\"> <a class=\"ai1ec-prev-year ai1ec-load-view ai1ec-btn ai1ec-btn-sm ai1ec-btn-default \" data-type=\"jsonp\" href=\"https&#x3A;&#x2F;&#x2F;www.comitatomonteverdenuovo.it&#x2F;wordpress&#x2F;calendar&#x2F;action&#x7E;month&#x2F;exact_date&#x7E;1756677600&#x2F;request_format&#x7E;json&#x2F;\"> <i class=\"ai1ec-fa ai1ec-fa-angle-double-left\"><\/i> 2025 <\/a> <a class=\"ai1ec-prev-month ai1ec-load-view ai1ec-btn ai1ec-btn-sm ai1ec-btn-default \" data-type=\"jsonp\" href=\"https&#x3A;&#x2F;&#x2F;www.comitatomonteverdenuovo.it&#x2F;wordpress&#x2F;calendar&#x2F;action&#x7E;month&#x2F;exact_date&#x7E;1785535200&#x2F;request_format&#x7E;json&#x2F;\"> <i class=\"ai1ec-fa ai1ec-fa-angle-left\"><\/i> Ago <\/a> <a class=\"ai1ec-minical-trigger ai1ec-btn ai1ec-btn-sm ai1ec-btn-default ai1ec-tooltip-trigger\" data-date=\"1\/9\/2026\" data-date-format=\"d\/m\/yyyy\" data-date-weekstart=\"1\" href=\"#\" data-href=\"https:\/\/www.comitatomonteverdenuovo.it\/wordpress\/calendar\/action~month\/exact_date~__DATE__\/\" data-lang=\"it-IT\" data-type=\"jsonp\" title=\"Scegli una data utilizzando il Calendario\" > <i class=\"ai1ec-fa ai1ec-fa-calendar-o ai1ec-fa-fw ai1ec-fa-lg\"><\/i> <span class=\"ai1ec-calendar-title\">Settembre 2026<\/span> <span class=\"ai1ec-calendar-title-short\"><\/span> <\/a> <a class=\"ai1ec-next-month ai1ec-load-view ai1ec-btn ai1ec-btn-sm ai1ec-btn-default \" data-type=\"jsonp\" href=\"https&#x3A;&#x2F;&#x2F;www.comitatomonteverdenuovo.it&#x2F;wordpress&#x2F;calendar&#x2F;action&#x7E;month&#x2F;exact_date&#x7E;1790805600&#x2F;request_format&#x7E;json&#x2F;\"> Ott <i class=\"ai1ec-fa ai1ec-fa-angle-right\"><\/i> <\/a> <a class=\"ai1ec-next-year ai1ec-load-view ai1ec-btn ai1ec-btn-sm ai1ec-btn-default \" data-type=\"jsonp\" href=\"https&#x3A;&#x2F;&#x2F;www.comitatomonteverdenuovo.it&#x2F;wordpress&#x2F;calendar&#x2F;action&#x7E;month&#x2F;exact_date&#x7E;1819749600&#x2F;request_format&#x7E;json&#x2F;\"> 2027 <i class=\"ai1ec-fa ai1ec-fa-angle-double-right\"><\/i> <\/a> <\/div> <\/div> <\/div> <table class=\"ai1ec-month-view ai1ec-popover-boundary \"> <thead> <tr> <th scope=\"col\" class=\"ai1ec-weekday\">Lun<\/th> <th scope=\"col\" class=\"ai1ec-weekday\">Mar<\/th> <th scope=\"col\" class=\"ai1ec-weekday\">Mer<\/th> <th scope=\"col\" class=\"ai1ec-weekday\">Gio<\/th> <th scope=\"col\" class=\"ai1ec-weekday\">Ven<\/th> <th scope=\"col\" class=\"ai1ec-weekday\">Sab<\/th> <th scope=\"col\" class=\"ai1ec-weekday\">Dom<\/th> <\/tr> <\/thead> <tbody> <tr class=\"ai1ec-week\"> <td class=\"ai1ec-empty\"><\/td> <td > <div class=\"ai1ec-day-stretcher\"><\/div> <div class=\"ai1ec-day\"> <div class=\"ai1ec-date\"> <a class=\"ai1ec-load-view\" data-type=\"jsonp\" href=\"https&#x3A;&#x2F;&#x2F;www.comitatomonteverdenuovo.it&#x2F;wordpress&#x2F;calendar&#x2F;action&#x7E;oneday&#x2F;exact_date&#x7E;1-9-2026&#x2F;\" >1<\/a> <\/div> <\/div> <\/td> <td > <div class=\"ai1ec-day\"> <div class=\"ai1ec-date\"> <a class=\"ai1ec-load-view\" data-type=\"jsonp\" href=\"https&#x3A;&#x2F;&#x2F;www.comitatomonteverdenuovo.it&#x2F;wordpress&#x2F;calendar&#x2F;action&#x7E;oneday&#x2F;exact_date&#x7E;2-9-2026&#x2F;\" >2<\/a> <\/div> <\/div> <\/td> <td > <div class=\"ai1ec-day\"> <div class=\"ai1ec-date\"> <a class=\"ai1ec-load-view\" data-type=\"jsonp\" href=\"https&#x3A;&#x2F;&#x2F;www.comitatomonteverdenuovo.it&#x2F;wordpress&#x2F;calendar&#x2F;action&#x7E;oneday&#x2F;exact_date&#x7E;3-9-2026&#x2F;\" >3<\/a> <\/div> <\/div> <\/td> <td class=\"ai1ec-today\"> <div class=\"ai1ec-day\"> <div class=\"ai1ec-date\"> <a class=\"ai1ec-load-view\" data-type=\"jsonp\" href=\"https&#x3A;&#x2F;&#x2F;www.comitatomonteverdenuovo.it&#x2F;wordpress&#x2F;calendar&#x2F;action&#x7E;oneday&#x2F;exact_date&#x7E;4-9-2026&#x2F;\" >4<\/a> <\/div> <\/div> <\/td> <td > <div class=\"ai1ec-day\"> <div class=\"ai1ec-date\"> <a class=\"ai1ec-load-view\" data-type=\"jsonp\" href=\"https&#x3A;&#x2F;&#x2F;www.comitatomonteverdenuovo.it&#x2F;wordpress&#x2F;calendar&#x2F;action&#x7E;oneday&#x2F;exact_date&#x7E;5-9-2026&#x2F;\" >5<\/a> <\/div> <\/div> <\/td> <td > <div class=\"ai1ec-day\"> <div class=\"ai1ec-date\"> <a class=\"ai1ec-load-view\" data-type=\"jsonp\" href=\"https&#x3A;&#x2F;&#x2F;www.comitatomonteverdenuovo.it&#x2F;wordpress&#x2F;calendar&#x2F;action&#x7E;oneday&#x2F;exact_date&#x7E;6-9-2026&#x2F;\" >6<\/a> <\/div> <\/div> <\/td> <\/tr> <tr class=\"ai1ec-week\"> <td > <div class=\"ai1ec-day-stretcher\"><\/div> <div class=\"ai1ec-day\"> <div class=\"ai1ec-date\"> <a class=\"ai1ec-load-view\" data-type=\"jsonp\" href=\"https&#x3A;&#x2F;&#x2F;www.comitatomonteverdenuovo.it&#x2F;wordpress&#x2F;calendar&#x2F;action&#x7E;oneday&#x2F;exact_date&#x7E;7-9-2026&#x2F;\" >7<\/a> <\/div> <\/div> <\/td> <td > <div class=\"ai1ec-day\"> <div class=\"ai1ec-date\"> <a class=\"ai1ec-load-view\" data-type=\"jsonp\" href=\"https&#x3A;&#x2F;&#x2F;www.comitatomonteverdenuovo.it&#x2F;wordpress&#x2F;calendar&#x2F;action&#x7E;oneday&#x2F;exact_date&#x7E;8-9-2026&#x2F;\" >8<\/a> <\/div> <\/div> <\/td> <td > <div class=\"ai1ec-day\"> <div class=\"ai1ec-date\"> <a class=\"ai1ec-load-view\" data-type=\"jsonp\" href=\"https&#x3A;&#x2F;&#x2F;www.comitatomonteverdenuovo.it&#x2F;wordpress&#x2F;calendar&#x2F;action&#x7E;oneday&#x2F;exact_date&#x7E;9-9-2026&#x2F;\" >9<\/a> <\/div> <\/div> <\/td> <td > <div class=\"ai1ec-day\"> <div class=\"ai1ec-date\"> <a class=\"ai1ec-load-view\" data-type=\"jsonp\" href=\"https&#x3A;&#x2F;&#x2F;www.comitatomonteverdenuovo.it&#x2F;wordpress&#x2F;calendar&#x2F;action&#x7E;oneday&#x2F;exact_date&#x7E;10-9-2026&#x2F;\" >10<\/a> <\/div> <\/div> <\/td> <td > <div class=\"ai1ec-day\"> <div class=\"ai1ec-date\"> <a class=\"ai1ec-load-view\" data-type=\"jsonp\" href=\"https&#x3A;&#x2F;&#x2F;www.comitatomonteverdenuovo.it&#x2F;wordpress&#x2F;calendar&#x2F;action&#x7E;oneday&#x2F;exact_date&#x7E;11-9-2026&#x2F;\" >11<\/a> <\/div> <\/div> <\/td> <td > <div class=\"ai1ec-day\"> <div class=\"ai1ec-date\"> <a class=\"ai1ec-load-view\" data-type=\"jsonp\" href=\"https&#x3A;&#x2F;&#x2F;www.comitatomonteverdenuovo.it&#x2F;wordpress&#x2F;calendar&#x2F;action&#x7E;oneday&#x2F;exact_date&#x7E;12-9-2026&#x2F;\" >12<\/a> <\/div> <\/div> <\/td> <td > <div class=\"ai1ec-day\"> <div class=\"ai1ec-date\"> <a class=\"ai1ec-load-view\" data-type=\"jsonp\" href=\"https&#x3A;&#x2F;&#x2F;www.comitatomonteverdenuovo.it&#x2F;wordpress&#x2F;calendar&#x2F;action&#x7E;oneday&#x2F;exact_date&#x7E;13-9-2026&#x2F;\" >13<\/a> <\/div> <\/div> <\/td> <\/tr> <tr class=\"ai1ec-week\"> <td > <div class=\"ai1ec-day-stretcher\"><\/div> <div class=\"ai1ec-day\"> <div class=\"ai1ec-date\"> <a class=\"ai1ec-load-view\" data-type=\"jsonp\" href=\"https&#x3A;&#x2F;&#x2F;www.comitatomonteverdenuovo.it&#x2F;wordpress&#x2F;calendar&#x2F;action&#x7E;oneday&#x2F;exact_date&#x7E;14-9-2026&#x2F;\" >14<\/a> <\/div> <\/div> <\/td> <td > <div class=\"ai1ec-day\"> <div class=\"ai1ec-date\"> <a class=\"ai1ec-load-view\" data-type=\"jsonp\" href=\"https&#x3A;&#x2F;&#x2F;www.comitatomonteverdenuovo.it&#x2F;wordpress&#x2F;calendar&#x2F;action&#x7E;oneday&#x2F;exact_date&#x7E;15-9-2026&#x2F;\" >15<\/a> <\/div> <\/div> <\/td> <td > <div class=\"ai1ec-day\"> <div class=\"ai1ec-date\"> <a class=\"ai1ec-load-view\" data-type=\"jsonp\" href=\"https&#x3A;&#x2F;&#x2F;www.comitatomonteverdenuovo.it&#x2F;wordpress&#x2F;calendar&#x2F;action&#x7E;oneday&#x2F;exact_date&#x7E;16-9-2026&#x2F;\" >16<\/a> <\/div> <\/div> <\/td> <td > <div class=\"ai1ec-day\"> <div class=\"ai1ec-date\"> <a class=\"ai1ec-load-view\" data-type=\"jsonp\" href=\"https&#x3A;&#x2F;&#x2F;www.comitatomonteverdenuovo.it&#x2F;wordpress&#x2F;calendar&#x2F;action&#x7E;oneday&#x2F;exact_date&#x7E;17-9-2026&#x2F;\" >17<\/a> <\/div> <\/div> <\/td> <td > <div class=\"ai1ec-day\"> <div class=\"ai1ec-date\"> <a class=\"ai1ec-load-view\" data-type=\"jsonp\" href=\"https&#x3A;&#x2F;&#x2F;www.comitatomonteverdenuovo.it&#x2F;wordpress&#x2F;calendar&#x2F;action&#x7E;oneday&#x2F;exact_date&#x7E;18-9-2026&#x2F;\" >18<\/a> <\/div> <\/div> <\/td> <td > <div class=\"ai1ec-day\"> <div class=\"ai1ec-date\"> <a class=\"ai1ec-load-view\" data-type=\"jsonp\" href=\"https&#x3A;&#x2F;&#x2F;www.comitatomonteverdenuovo.it&#x2F;wordpress&#x2F;calendar&#x2F;action&#x7E;oneday&#x2F;exact_date&#x7E;19-9-2026&#x2F;\" >19<\/a> <\/div> <\/div> <\/td> <td > <div class=\"ai1ec-day\"> <div class=\"ai1ec-date\"> <a class=\"ai1ec-load-view\" data-type=\"jsonp\" href=\"https&#x3A;&#x2F;&#x2F;www.comitatomonteverdenuovo.it&#x2F;wordpress&#x2F;calendar&#x2F;action&#x7E;oneday&#x2F;exact_date&#x7E;20-9-2026&#x2F;\" >20<\/a> <\/div> <\/div> <\/td> <\/tr> <tr class=\"ai1ec-week\"> <td > <div class=\"ai1ec-day-stretcher\"><\/div> <div class=\"ai1ec-day\"> <div class=\"ai1ec-date\"> <a class=\"ai1ec-load-view\" data-type=\"jsonp\" href=\"https&#x3A;&#x2F;&#x2F;www.comitatomonteverdenuovo.it&#x2F;wordpress&#x2F;calendar&#x2F;action&#x7E;oneday&#x2F;exact_date&#x7E;21-9-2026&#x2F;\" >21<\/a> <\/div> <\/div> <\/td> <td > <div class=\"ai1ec-day\"> <div class=\"ai1ec-date\"> <a class=\"ai1ec-load-view\" data-type=\"jsonp\" href=\"https&#x3A;&#x2F;&#x2F;www.comitatomonteverdenuovo.it&#x2F;wordpress&#x2F;calendar&#x2F;action&#x7E;oneday&#x2F;exact_date&#x7E;22-9-2026&#x2F;\" >22<\/a> <\/div> <\/div> <\/td> <td > <div class=\"ai1ec-day\"> <div class=\"ai1ec-date\"> <a class=\"ai1ec-load-view\" data-type=\"jsonp\" href=\"https&#x3A;&#x2F;&#x2F;www.comitatomonteverdenuovo.it&#x2F;wordpress&#x2F;calendar&#x2F;action&#x7E;oneday&#x2F;exact_date&#x7E;23-9-2026&#x2F;\" >23<\/a> <\/div> <\/div> <\/td> <td > <div class=\"ai1ec-day\"> <div class=\"ai1ec-date\"> <a class=\"ai1ec-load-view\" data-type=\"jsonp\" href=\"https&#x3A;&#x2F;&#x2F;www.comitatomonteverdenuovo.it&#x2F;wordpress&#x2F;calendar&#x2F;action&#x7E;oneday&#x2F;exact_date&#x7E;24-9-2026&#x2F;\" >24<\/a> <\/div> <\/div> <\/td> <td > <div class=\"ai1ec-day\"> <div class=\"ai1ec-date\"> <a class=\"ai1ec-load-view\" data-type=\"jsonp\" href=\"https&#x3A;&#x2F;&#x2F;www.comitatomonteverdenuovo.it&#x2F;wordpress&#x2F;calendar&#x2F;action&#x7E;oneday&#x2F;exact_date&#x7E;25-9-2026&#x2F;\" >25<\/a> <\/div> <\/div> <\/td> <td > <div class=\"ai1ec-day\"> <div class=\"ai1ec-date\"> <a class=\"ai1ec-load-view\" data-type=\"jsonp\" href=\"https&#x3A;&#x2F;&#x2F;www.comitatomonteverdenuovo.it&#x2F;wordpress&#x2F;calendar&#x2F;action&#x7E;oneday&#x2F;exact_date&#x7E;26-9-2026&#x2F;\" >26<\/a> <\/div> <\/div> <\/td> <td > <div class=\"ai1ec-day\"> <div class=\"ai1ec-date\"> <a class=\"ai1ec-load-view\" data-type=\"jsonp\" href=\"https&#x3A;&#x2F;&#x2F;www.comitatomonteverdenuovo.it&#x2F;wordpress&#x2F;calendar&#x2F;action&#x7E;oneday&#x2F;exact_date&#x7E;27-9-2026&#x2F;\" >27<\/a> <\/div> <\/div> <\/td> <\/tr> <tr class=\"ai1ec-week\"> <td > <div class=\"ai1ec-day-stretcher\"><\/div> <div class=\"ai1ec-day\"> <div class=\"ai1ec-date\"> <a class=\"ai1ec-load-view\" data-type=\"jsonp\" href=\"https&#x3A;&#x2F;&#x2F;www.comitatomonteverdenuovo.it&#x2F;wordpress&#x2F;calendar&#x2F;action&#x7E;oneday&#x2F;exact_date&#x7E;28-9-2026&#x2F;\" >28<\/a> <\/div> <\/div> <\/td> <td > <div class=\"ai1ec-day\"> <div class=\"ai1ec-date\"> <a class=\"ai1ec-load-view\" data-type=\"jsonp\" href=\"https&#x3A;&#x2F;&#x2F;www.comitatomonteverdenuovo.it&#x2F;wordpress&#x2F;calendar&#x2F;action&#x7E;oneday&#x2F;exact_date&#x7E;29-9-2026&#x2F;\" >29<\/a> <\/div> <\/div> <\/td> <td > <div class=\"ai1ec-day\"> <div class=\"ai1ec-date\"> <a class=\"ai1ec-load-view\" data-type=\"jsonp\" href=\"https&#x3A;&#x2F;&#x2F;www.comitatomonteverdenuovo.it&#x2F;wordpress&#x2F;calendar&#x2F;action&#x7E;oneday&#x2F;exact_date&#x7E;30-9-2026&#x2F;\" >30<\/a> <\/div> <\/div> <\/td> <td class=\"ai1ec-empty\"><\/td> <td class=\"ai1ec-empty\"><\/td> <td class=\"ai1ec-empty\"><\/td> <td class=\"ai1ec-empty\"><\/td> <\/tr> <\/tbody> <\/table> <div class=\"ai1ec-pull-left\"><div class=\"ai1ec-pagination ai1ec-btn-group\"> <a class=\"ai1ec-prev-year ai1ec-load-view ai1ec-btn ai1ec-btn-sm ai1ec-btn-default \" data-type=\"jsonp\" href=\"https&#x3A;&#x2F;&#x2F;www.comitatomonteverdenuovo.it&#x2F;wordpress&#x2F;calendar&#x2F;action&#x7E;month&#x2F;exact_date&#x7E;1756677600&#x2F;request_format&#x7E;json&#x2F;\"> <i class=\"ai1ec-fa ai1ec-fa-angle-double-left\"><\/i> 2025 <\/a> <a class=\"ai1ec-prev-month ai1ec-load-view ai1ec-btn ai1ec-btn-sm ai1ec-btn-default \" data-type=\"jsonp\" href=\"https&#x3A;&#x2F;&#x2F;www.comitatomonteverdenuovo.it&#x2F;wordpress&#x2F;calendar&#x2F;action&#x7E;month&#x2F;exact_date&#x7E;1785535200&#x2F;request_format&#x7E;json&#x2F;\"> <i class=\"ai1ec-fa ai1ec-fa-angle-left\"><\/i> Ago <\/a> <a class=\"ai1ec-minical-trigger ai1ec-btn ai1ec-btn-sm ai1ec-btn-default ai1ec-tooltip-trigger\" data-date=\"1\/9\/2026\" data-date-format=\"d\/m\/yyyy\" data-date-weekstart=\"1\" href=\"#\" data-href=\"https:\/\/www.comitatomonteverdenuovo.it\/wordpress\/calendar\/action~month\/exact_date~__DATE__\/\" data-lang=\"it-IT\" data-type=\"jsonp\" title=\"Scegli una data utilizzando il Calendario\" > <i class=\"ai1ec-fa ai1ec-fa-calendar-o ai1ec-fa-fw ai1ec-fa-lg\"><\/i> <span class=\"ai1ec-calendar-title\">Settembre 2026<\/span> <span class=\"ai1ec-calendar-title-short\"><\/span> <\/a> <a class=\"ai1ec-next-month ai1ec-load-view ai1ec-btn ai1ec-btn-sm ai1ec-btn-default \" data-type=\"jsonp\" href=\"https&#x3A;&#x2F;&#x2F;www.comitatomonteverdenuovo.it&#x2F;wordpress&#x2F;calendar&#x2F;action&#x7E;month&#x2F;exact_date&#x7E;1790805600&#x2F;request_format&#x7E;json&#x2F;\"> Ott <i class=\"ai1ec-fa ai1ec-fa-angle-right\"><\/i> <\/a> <a class=\"ai1ec-next-year ai1ec-load-view ai1ec-btn ai1ec-btn-sm ai1ec-btn-default \" data-type=\"jsonp\" href=\"https&#x3A;&#x2F;&#x2F;www.comitatomonteverdenuovo.it&#x2F;wordpress&#x2F;calendar&#x2F;action&#x7E;month&#x2F;exact_date&#x7E;1819749600&#x2F;request_format&#x7E;json&#x2F;\"> 2027 <i class=\"ai1ec-fa ai1ec-fa-angle-double-right\"><\/i> <\/a> <\/div> <\/div> <\/div> <\/div> <div class=\"ai1ec-subscribe-container ai1ec-pull-right ai1ec-btn-group\"> <div class=\"ai1ec-subscribe-dropdown ai1ec-dropdown ai1ec-dropup ai1ec-btn ai1ec-btn-default ai1ec-btn-sm\"> <span role=\"button\" class=\"ai1ec-dropdown-toggle ai1ec-subscribe\" data-toggle=\"ai1ec-dropdown\"> <i class=\"ai1ec-fa ai1ec-icon-rss ai1ec-fa-lg ai1ec-fa-fw\"><\/i> <span class=\"ai1ec-hidden-xs\"> Sottoscrivi <span class=\"ai1ec-caret\"><\/span> <\/span> <\/span> <ul class=\"ai1ec-dropdown-menu ai1ec-pull-right\" role=\"menu\"> <li> <a class=\"ai1ec-tooltip-trigger ai1ec-tooltip-auto\" target=\"_blank\" data-placement=\"left\" title=\"Copia questo URL dal tuo calendario Timely o clicca per aggiungere al tuo calendario RTF\" href=\"http&#x3A;&#x2F;&#x2F;www.comitatomonteverdenuovo.it&#x2F;wordpress&#x2F;&#x3F;plugin&#x3D;all-in-one-event-calendar&amp;controller&#x3D;ai1ec_exporter_controller&amp;action&#x3D;export_events\"> <i class=\"ai1ec-fa ai1ec-fa-lg ai1ec-fa-fw ai1ec-icon-timely\"><\/i> Aggiunti al Calendario di Timely <\/a> <\/li> <li> <a class=\"ai1ec-tooltip-trigger ai1ec-tooltip-auto\" target=\"_blank\" data-placement=\"left\" title=\"Sottoscrivi questo calendario nel tuo Calendario Google\" href=\"https:\/\/www.google.com\/calendar\/render?cid=http&#x25;3A&#x25;2F&#x25;2Fwww.comitatomonteverdenuovo.it&#x25;2Fwordpress&#x25;2F&#x25;3Fplugin&#x25;3Dall-in-one-event-calendar&#x25;26controller&#x25;3Dai1ec_exporter_controller&#x25;26action&#x25;3Dexport_events&#x25;26no_html&#x25;3Dtrue&#x25;26&#x25;26\"> <i class=\"ai1ec-fa ai1ec-icon-google ai1ec-fa-lg ai1ec-fa-fw\"><\/i> Aggiungi a Google <\/a> <\/li> <li> <a class=\"ai1ec-tooltip-trigger ai1ec-tooltip-auto\" target=\"_blank\" data-placement=\"left\" title=\"Sottoscrivi questo calendario in Microsoft Outlook\" href=\"webcal&#x3A;&#x2F;&#x2F;www.comitatomonteverdenuovo.it&#x2F;wordpress&#x2F;&#x3F;plugin&#x3D;all-in-one-event-calendar&amp;controller&#x3D;ai1ec_exporter_controller&amp;action&#x3D;export_events&amp;no_html&#x3D;true\"> <i class=\"ai1ec-fa ai1ec-icon-windows ai1ec-fa-lg ai1ec-fa-fw\"><\/i> Aggiungi ad Outlook <\/a> <\/li> <li> <a class=\"ai1ec-tooltip-trigger ai1ec-tooltip-auto\" target=\"_blank\" data-placement=\"left\" title=\"Sottoscrivi questo calendario in Calendario Apple\/iCal\" href=\"webcal&#x3A;&#x2F;&#x2F;www.comitatomonteverdenuovo.it&#x2F;wordpress&#x2F;&#x3F;plugin&#x3D;all-in-one-event-calendar&amp;controller&#x3D;ai1ec_exporter_controller&amp;action&#x3D;export_events&amp;no_html&#x3D;true\"> <i class=\"ai1ec-fa ai1ec-icon-apple ai1ec-fa-lg ai1ec-fa-fw\"><\/i> Aggiungi al Calendario Apple <\/a> <\/li> <li> <a class=\"ai1ec-tooltip-trigger ai1ec-tooltip-auto\" data-placement=\"left\" title=\"Sottoscrivi a questo calendario in un altro calendario plain-text\" href=\"http&#x3A;&#x2F;&#x2F;www.comitatomonteverdenuovo.it&#x2F;wordpress&#x2F;&#x3F;plugin&#x3D;all-in-one-event-calendar&amp;controller&#x3D;ai1ec_exporter_controller&amp;action&#x3D;export_events&amp;no_html&#x3D;true\"> <i class=\"ai1ec-fa ai1ec-icon-calendar ai1ec-fa-fw\"><\/i> Aggiungi ad altro calendario <\/a> <\/li> <li> <a class=\"ai1ec-tooltip-trigger ai1ec-tooltip-auto\" data-placement=\"left\" title=\"\" href=\"http&#x3A;&#x2F;&#x2F;www.comitatomonteverdenuovo.it&#x2F;wordpress&#x2F;&#x3F;plugin&#x3D;all-in-one-event-calendar&amp;controller&#x3D;ai1ec_exporter_controller&amp;action&#x3D;export_events&xml=true\"> <i class=\"ai1ec-fa ai1ec-fa-file-text ai1ec-fa-lg ai1ec-fa-fw\"><\/i> Export to XML <\/a> <\/li> <\/ul> <\/div> <\/div> <\/div><!-- \/.timely --> <\/div> <!-- END All-in-One Event Calendar Plugin --> \n<p>[\/et_pb_text][\/et_pb_column][\/et_pb_row][et_pb_row _builder_version=&#8221;3.29.3&#8243;][et_pb_column type=&#8221;4_4&#8243; _builder_version=&#8221;3.29.3&#8243;][et_pb_text _builder_version=&#8221;3.29.3&#8243; border_width_bottom=&#8221;2px&#8221; border_color_bottom=&#8221;#263570&#8243;]<\/p>\n<h1>Gli ultimi articoli<\/h1>\n<p>[\/et_pb_text][\/et_pb_column][\/et_pb_row][et_pb_row _builder_version=&#8221;3.29.3&#8243; min_height=&#8221;1349px&#8221;][et_pb_column type=&#8221;4_4&#8243; _builder_version=&#8221;3.29.3&#8243;][et_pb_blog include_categories=&#8221;all&#8221; excerpt_length=&#8221;100&#8243; show_more=&#8221;on&#8221; _builder_version=&#8221;4.0.4&#8243; header_level=&#8221;h3&#8243; body_line_height=&#8221;1em&#8221; read_more_text_color=&#8221;#333366&#8243; read_more_line_height=&#8221;2.3em&#8221; pagination_text_color=&#8221;#263570&#8243; pagination_font_size=&#8221;22px&#8221; text_orientation=&#8221;left&#8221;][\/et_pb_blog][et_pb_image src=&#8221;https:\/\/www.comitatomonteverdenuovo.it\/wordpress\/wp-content\/uploads\/2019\/11\/Tessera-Comitato.jpg&#8221; _builder_version=&#8221;4.0.4&#8243;][\/et_pb_image][et_pb_text admin_label=&#8221;Gli amici del comitato&#8221; _builder_version=&#8221;3.29.3&#8243; custom_padding=&#8221;34px||||false|false&#8221; border_width_bottom=&#8221;2px&#8221; border_color_bottom=&#8221;#263570&#8243;]<\/p>\n<h1 style=\"text-align: center;\">Gli amici del Comitato<\/h1>\n<p>[\/et_pb_text][\/et_pb_column][\/et_pb_row][et_pb_row column_structure=&#8221;1_5,1_5,1_5,1_5,1_5&#8243; disabled_on=&#8221;off|off|off&#8221; _builder_version=&#8221;4.0.4&#8243; custom_margin=&#8221;|auto|-51px|auto||&#8221; global_module=&#8221;2359&#8243; saved_tabs=&#8221;all&#8221; collapsed=&#8221;off&#8221;][et_pb_column type=&#8221;1_5&#8243; _builder_version=&#8221;3.29.3&#8243;][et_pb_image src=&#8221;https:\/\/www.comitatomonteverdenuovo.it\/wordpress\/wp-content\/uploads\/2019\/10\/regione-lazio-300&#215;150.jpg&#8221; _builder_version=&#8221;4.0.2&#8243;][\/et_pb_image][\/et_pb_column][et_pb_column type=&#8221;1_5&#8243; _builder_version=&#8221;3.29.3&#8243;][et_pb_image src=&#8221;https:\/\/www.comitatomonteverdenuovo.it\/wordpress\/wp-content\/uploads\/2019\/10\/Roma-800&#215;500-300&#215;188.jpg&#8221; _builder_version=&#8221;4.0.2&#8243;][\/et_pb_image][\/et_pb_column][et_pb_column type=&#8221;1_5&#8243; _builder_version=&#8221;3.29.3&#8243;][et_pb_image src=&#8221;https:\/\/www.comitatomonteverdenuovo.it\/wordpress\/wp-content\/uploads\/2019\/10\/romaMunicipioXII-300&#215;165.jpg&#8221; _builder_version=&#8221;4.0.2&#8243;][\/et_pb_image][\/et_pb_column][et_pb_column type=&#8221;1_5&#8243; _builder_version=&#8221;3.29.3&#8243;][et_pb_image src=&#8221;https:\/\/www.comitatomonteverdenuovo.it\/wordpress\/wp-content\/uploads\/2019\/10\/spi-cgil-300&#215;204.jpg&#8221; _builder_version=&#8221;4.0.2&#8243;][\/et_pb_image][\/et_pb_column][et_pb_column type=&#8221;1_5&#8243; _builder_version=&#8221;3.29.3&#8243;][et_pb_image src=&#8221;https:\/\/www.comitatomonteverdenuovo.it\/wordpress\/wp-content\/uploads\/2019\/10\/LOGO-ACLI-ROMA-2.jpg&#8221; _builder_version=&#8221;4.0.4&#8243; max_height=&#8221;100px&#8221;][\/et_pb_image][\/et_pb_column][\/et_pb_row][\/et_pb_section]<\/p>\n","protected":false},"excerpt":{"rendered":"<p>[et_pb_section fb_built=&#8221;1&#8243; fullwidth=&#8221;on&#8221; _builder_version=&#8221;3.29.3&#8243;][et_pb_fullwidth_image src=&#8221;https:\/\/www.comitatomonteverdenuovo.it\/wordpress\/wp-content\/uploads\/2019\/10\/page-image-villa_Pamphilj.jpg&#8221; _builder_version=&#8221;4.3.4&#8243; min_height=&#8221;289px&#8221;][\/et_pb_fullwidth_image][\/et_pb_section][et_pb_section fb_built=&#8221;1&#8243; _builder_version=&#8221;4.0.2&#8243;][et_pb_row make_equal=&#8221;on&#8221; _builder_version=&#8221;3.29.3&#8243; custom_margin=&#8221;-19px|auto||auto||&#8221; custom_padding=&#8221;34px|||||&#8221;][et_pb_column type=&#8221;4_4&#8243; _builder_version=&#8221;3.29.3&#8243;][et_pb_image src=&#8221;https:\/\/www.comitatomonteverdenuovo.it\/wordpress\/wp-content\/uploads\/2020\/03\/Annuncio-CDQMVN-scaled.jpg&#8221; align=&#8221;center&#8221; disabled_on=&#8221;on|on|on&#8221; admin_label=&#8221;Avviso coronavirus&#8221; _builder_version=&#8221;4.4.7&#8243; max_width=&#8221;100%&#8221; disabled=&#8221;on&#8221;][\/et_pb_image][et_pb_video src=&#8221;https:\/\/youtu.be\/yC8jkB_Advg&#8221; thumbnail_overlay_color=&#8221;rgba(0,0,0,0.6)&#8221; src_tablet=&#8221;&#8221; src_phone=&#8221;&#8221; src_last_edited=&#8221;on|desktop&#8221; _builder_version=&#8221;4.4.7&#8243; width=&#8221;60%&#8221; module_alignment=&#8221;center&#8221;][\/et_pb_video][et_pb_text admin_label=&#8221;in primo piano&#8221; _builder_version=&#8221;4.4.7&#8243; border_width_bottom=&#8221;2px&#8221; border_color_bottom=&#8221;#263570&#8243;] In primo piano [\/et_pb_text][et_pb_blog posts_number=&#8221;3&#8243; include_categories=&#8221;275&#8243; show_more=&#8221;on&#8221; _builder_version=&#8221;4.4.7&#8243; read_more_text_color=&#8221;#e02b20&#8243;][\/et_pb_blog][et_pb_countdown_timer title=&#8221;IL CONCERTO DI NATALE STA ARRIVANDO!&#8221; date_time=&#8221;2019-12-08 16:00&#8243; disabled_on=&#8221;on|on|on&#8221; [&hellip;]<\/p>\n","protected":false},"author":1,"featured_media":0,"parent":0,"menu_order":0,"comment_status":"open","ping_status":"open","template":"","meta":{"_et_pb_use_builder":"on","_et_pb_old_content":"[cycloneslider id=\"home\"]\r\n<p style=\"text-align: center;\">PER SEGNALARE PROBLEMI DEL QUARTIERE:\r\n<a href=\"mailto:info@comitatomonteverdenuovo.it\">info@comitatomonteverdenuovo.it<\/a>\r\n\r\n<p style=\"text-align: justify;\"><span style=\"color: #333333;\"><img class=\" alignleft\" src=\"https:\/\/www.comitatomonteverdenuovo.it\/wordpress\/wp-content\/uploads\/2014\/04\/logo.png\" alt=\"\" width=\"142\" height=\"139\" align=\"middle\"><span style=\"color: #333333;\">\r\nI<\/span><span style=\"color: #333333;\">l\u00a0Comitato difende e promuove\u00a0la cultura, l\u2019educazione,\u00a0\u00a0 l\u2019ambiente, il patrimonio urbanistico, il decoro, i trasporti e la viabilit\u00e0 del quartiere di\u00a0Monteverde Nuovo in Roma.<\/span><\/span>\r\n\r\n<p style=\"text-align: justify;\">Lo\u00a0scopo del Comitato \u00e8 la solidariet\u00e0 sociale attraverso azioni che tendono a migliorare la vita dei cittadini del quartiere instaurando altres\u00ec un rapporto correto con le istituzioni.<\/p>\r\n<p style=\"text-align: justify;\">\u00a0Nel territorio esistono anche delle associazioni che per loro natura e compiti sono cosa diversa dai Comitati.<\/p>\r\n<p style=\"text-align: justify;\"><strong>Il Comitato si riunisce ogni marted\u00ec dalle 17.30 alle 19.30 in via Pietro Cartoni 1<\/strong> <a href=\"https:\/\/www.comitatomonteverdenuovo.it\/wordpress\/?page_id=113\"><span style=\"color: #0066cc;\">(mappa)<\/span><\/a>.<\/p>\r\n<p style=\"text-align: justify;\">Siamo felici di\u00a0accogliere e ascoltare tutti i cittadini che vivono, lavorano o si vogliono occupare del nostro quartiere.<\/p>\r\n<p style=\"text-align: justify;\">Tutti sono invitati a partecipare. L'iscrizione al Comitato \u00e8 certificata da una tessera ufficiale, che viene rilasciata in sede.<\/p>\r\n<p style=\"text-align: justify;\"><span style=\"color: #333333;\">\u00a0<\/span><\/p>\r\n<p style=\"text-align: justify;\"><span style=\"color: #333333;\"><img class=\" aligncenter\" src=\"https:\/\/www.comitatomonteverdenuovo.it\/wordpress\/wp-content\/uploads\/2013\/11\/iscriviti-al-gruppo-fbn-trasparent-bg1.png\" alt=\"\" width=\"110\" height=\"64\"><\/span><\/p>\r\n<a href=\"http:\/\/romareport.it\" target=\"_blank\" rel=\"noopener noreferrer\">\u00a0<\/a>","_et_gb_content_width":"","footnotes":""},"class_list":["post-2182","page","type-page","status-publish","hentry"],"jetpack_sharing_enabled":true,"jetpack_likes_enabled":true,"_links":{"self":[{"href":"https:\/\/www.comitatomonteverdenuovo.it\/wordpress\/wp-json\/wp\/v2\/pages\/2182","targetHints":{"allow":["GET"]}}],"collection":[{"href":"https:\/\/www.comitatomonteverdenuovo.it\/wordpress\/wp-json\/wp\/v2\/pages"}],"about":[{"href":"https:\/\/www.comitatomonteverdenuovo.it\/wordpress\/wp-json\/wp\/v2\/types\/page"}],"author":[{"embeddable":true,"href":"https:\/\/www.comitatomonteverdenuovo.it\/wordpress\/wp-json\/wp\/v2\/users\/1"}],"replies":[{"embeddable":true,"href":"https:\/\/www.comitatomonteverdenuovo.it\/wordpress\/wp-json\/wp\/v2\/comments?post=2182"}],"version-history":[{"count":108,"href":"https:\/\/www.comitatomonteverdenuovo.it\/wordpress\/wp-json\/wp\/v2\/pages\/2182\/revisions"}],"predecessor-version":[{"id":4809,"href":"https:\/\/www.comitatomonteverdenuovo.it\/wordpress\/wp-json\/wp\/v2\/pages\/2182\/revisions\/4809"}],"wp:attachment":[{"href":"https:\/\/www.comitatomonteverdenuovo.it\/wordpress\/wp-json\/wp\/v2\/media?parent=2182"}],"curies":[{"name":"wp","href":"https:\/\/api.w.org\/{rel}","templated":true}]}}